{"id":68598,"date":"2025-11-12T11:50:18","date_gmt":"2025-11-12T10:50:18","guid":{"rendered":"https:\/\/www.meliconi.com\/?page_id=68598"},"modified":"2025-11-20T14:44:01","modified_gmt":"2025-11-20T13:44:01","slug":"informacoes-sobre-o-tratamento-de-dados-pessoais","status":"publish","type":"page","link":"https:\/\/www.meliconi.com\/pt-pt\/privacy-policy\/informacoes-sobre-o-tratamento-de-dados-pessoais\/","title":{"rendered":"Informa\u00e7\u00f5es sobre o tratamento de dados pessoais"},"content":{"rendered":"\n<p>Nesta p\u00e1gina descrevem-se as modalidades de gest\u00e3o do site relativamente ao tratamento dos dados pessoais dos utilizadores que o consultam.<\/p>\n\n\n\n<p>Trata-se da informa\u00e7\u00e3o prestada, nos termos do art. 13 do Regulamento (UE) 2016\/679, a quem interage com os servi\u00e7os web da empresa.<\/p>\n\n\n\n<p>Esta informa\u00e7\u00e3o \u00e9 fornecida apenas para o presente site e n\u00e3o para outros sites que eventualmente possam ser consultados pelo utilizador atrav\u00e9s de liga\u00e7\u00f5es (links).<\/p>\n\n\n\n<p>A informa\u00e7\u00e3o identifica alguns requisitos m\u00ednimos para a recolha de dados pessoais online e, em particular, as modalidades, os prazos e a natureza das informa\u00e7\u00f5es que os respons\u00e1veis pelo tratamento devem fornecer aos utilizadores quando estes acedem a p\u00e1ginas web, independentemente das finalidades do acesso.<\/p>\n\n\n\n<h2 class=\"wp-block-heading\">TRATAMENTO DE DADOS<\/h2>\n\n\n\n<p>Ap\u00f3s a consulta deste site, podem ser tratados dados relativos a pessoas identificadas ou identific\u00e1veis.<br>Para qualquer pedido, escreva para: <strong>info@meliconi.com<\/strong><\/p>\n\n\n\n<h2 class=\"wp-block-heading\">LOCAL DO TRATAMENTO DOS DADOS<\/h2>\n\n\n\n<p>O tratamento relacionado com os servi\u00e7os web deste site ocorre na sede social e \u00e9 efetuado unicamente por pessoal t\u00e9cnico do departamento respons\u00e1vel pelo tratamento, ou por eventuais encarregados de opera\u00e7\u00f5es ocasionais de manuten\u00e7\u00e3o.<\/p>\n\n\n\n<p>Nenhum dado derivado do servi\u00e7o web \u00e9 comunicado ou difundido.<\/p>\n\n\n\n<p>Os dados pessoais fornecidos pelos utilizadores que solicitam o envio de material informativo (boletins, CD-ROMs, cat\u00e1logos, listas de pre\u00e7os, respostas a perguntas, v\u00e1rios documentos, etc.) s\u00e3o utilizados exclusivamente para executar o servi\u00e7o ou a presta\u00e7\u00e3o solicitada.<\/p>\n\n\n\n<h2 class=\"wp-block-heading\">TIPOS DE DADOS TRATADOS<\/h2>\n\n\n\n<h3 class=\"wp-block-heading\">Dados de navega\u00e7\u00e3o<\/h3>\n\n\n\n<p>Os sistemas inform\u00e1ticos e os procedimentos de software destinados ao funcionamento deste site adquirem, durante o seu funcionamento normal, alguns dados pessoais cuja transmiss\u00e3o est\u00e1 impl\u00edcita no uso dos protocolos de comunica\u00e7\u00e3o da Internet.<\/p>\n\n\n\n<p>Trata-se de informa\u00e7\u00f5es que n\u00e3o s\u00e3o recolhidas para ser associadas a interessados identificados, mas que, pela sua pr\u00f3pria natureza, podem, atrav\u00e9s de elabora\u00e7\u00f5es e associa\u00e7\u00f5es com dados na posse de terceiros, permitir a identifica\u00e7\u00e3o dos utilizadores.<\/p>\n\n\n\n<p>Nesta categoria incluem-se os endere\u00e7os IP ou os nomes de dom\u00ednio dos computadores utilizados pelos utilizadores que se ligam ao site, os endere\u00e7os em nota\u00e7\u00e3o URI dos recursos solicitados, a hora do pedido, o m\u00e9todo utilizado para submeter o pedido ao servidor, o tamanho do ficheiro obtido em resposta, o c\u00f3digo num\u00e9rico que indica o estado da resposta do servidor (correta, erro, etc.) e outros par\u00e2metros relacionados com o sistema operativo e o ambiente inform\u00e1tico do utilizador.<\/p>\n\n\n\n<p>Estes dados s\u00e3o utilizados exclusivamente para obter estat\u00edsticas an\u00f3nimas sobre a utiliza\u00e7\u00e3o do site e para verificar o seu correto funcionamento, sendo apagados imediatamente ap\u00f3s o tratamento.<br>Os dados poder\u00e3o ser utilizados para apurar responsabilidades em caso de hipot\u00e9ticos crimes inform\u00e1ticos contra o site; salvo esta eventualidade, os dados de contacto web n\u00e3o s\u00e3o conservados por mais de sete dias.<\/p>\n\n\n\n<h3 class=\"wp-block-heading\">Dados fornecidos voluntariamente pelo utilizador<\/h3>\n\n\n\n<p>O envio volunt\u00e1rio, expl\u00edcito e opcional de mensagens de correio eletr\u00f3nico para os endere\u00e7os indicados neste site implica a posterior aquisi\u00e7\u00e3o do endere\u00e7o do remetente \u2014 necess\u00e1rio para responder aos pedidos \u2014 bem como de quaisquer outros dados pessoais inclu\u00eddos na mensagem.<\/p>\n\n\n\n<p>Informa\u00e7\u00f5es espec\u00edficas de s\u00edntese ser\u00e3o apresentadas progressivamente ou estar\u00e3o dispon\u00edveis nas p\u00e1ginas do site habilitadas para servi\u00e7os particulares a pedido.<\/p>\n\n\n\n<h2 class=\"wp-block-heading\">UTILIZA\u00c7\u00c3O DE COOKIES<\/h2>\n\n\n\n<p>Relativamente \u00e0 utiliza\u00e7\u00e3o de cookies, remete-se para a \u201cinforma\u00e7\u00e3o detalhada\u201d publicada neste site.<\/p>\n\n\n\n<h2 class=\"wp-block-heading\">CAR\u00c1TER OPCIONAL DA COMUNICA\u00c7\u00c3O DE DADOS<\/h2>\n\n\n\n<p>Com exce\u00e7\u00e3o do especificado para os dados de navega\u00e7\u00e3o, o utilizador \u00e9 livre de fornecer ou n\u00e3o os seus dados pessoais.<br>A falta de fornecimento poder\u00e1 tornar imposs\u00edvel obter o que foi solicitado.<\/p>\n\n\n\n<h2 class=\"wp-block-heading\">MODALIDADES DE TRATAMENTO<\/h2>\n\n\n\n<p>Os dados pessoais s\u00e3o tratados por meios automatizados durante o tempo estritamente necess\u00e1rio para atingir as finalidades para as quais foram recolhidos.<\/p>\n\n\n\n<p>S\u00e3o observadas medidas de seguran\u00e7a espec\u00edficas para prevenir a perda de dados, usos il\u00edcitos ou incorretos e acessos n\u00e3o autorizados.<\/p>\n\n\n\n<h2 class=\"wp-block-heading\">TRANSFER\u00caNCIA PARA PA\u00cdSES TERCEIROS<\/h2>\n\n\n\n<p>Eventuais transfer\u00eancias de dados pessoais para um pa\u00eds terceiro fora da Uni\u00e3o Europeia ou para uma organiza\u00e7\u00e3o internacional ser\u00e3o realizadas com base numa decis\u00e3o de adequa\u00e7\u00e3o da Comiss\u00e3o ou, no caso de transfer\u00eancias nos termos dos artigos 46, 47 ou 49, n.\u00ba 2, do Regulamento Europeu, com base em garantias adequadas e apropriadas.<\/p>\n\n\n\n<h2 class=\"wp-block-heading\">DIREITOS DOS TITULARES DOS DADOS<\/h2>\n\n\n\n<p>Os titulares dos dados pessoais t\u00eam, a qualquer momento, o direito de solicitar acesso, retifica\u00e7\u00e3o, elimina\u00e7\u00e3o, limita\u00e7\u00e3o do tratamento, oposi\u00e7\u00e3o ao tratamento e portabilidade dos dados.<br>T\u00eam igualmente o direito de apresentar uma reclama\u00e7\u00e3o \u00e0 Autoridade de Controlo.<\/p>\n\n\n\n<p>Os pedidos devem ser dirigidos para o e-mail:&nbsp;<strong>info@meliconi.com<\/strong><\/p>\n\n\n\n<p>A presente constitui a Pol\u00edtica de Privacidade deste site e poder\u00e1 ser atualizada.<\/p>\n","protected":false},"excerpt":{"rendered":"<p>Nesta p\u00e1gina descrevem-se as modalidades de gest\u00e3o do site relativamente ao tratamento dos dados pessoais dos utilizadores que o consultam. Trata-se da informa\u00e7\u00e3o prestada, nos termos do art. 13 do Regulamento (UE) 2016\/679, a quem interage com os servi\u00e7os web da empresa. Esta informa\u00e7\u00e3o \u00e9 fornecida apenas para o presente site e n\u00e3o para outros [&hellip;]<\/p>\n","protected":false},"author":6,"featured_media":0,"parent":66147,"menu_order":0,"comment_status":"closed","ping_status":"closed","template":"","meta":{"_acf_changed":false,"footnotes":""},"class_list":["post-68598","page","type-page","status-publish","hentry"],"acf":[],"yoast_head":"<!-- This site is optimized with the Yoast SEO plugin v27.4 - https:\/\/yoast.com\/product\/yoast-seo-wordpress\/ -->\n<title>Informa\u00e7\u00f5es sobre o tratamento de dados pessoais - Meliconi<\/title>\n<meta name=\"robots\" content=\"index, follow, max-snippet:-1, max-image-preview:large, max-video-preview:-1\" \/>\n<link rel=\"canonical\" href=\"https:\/\/www.meliconi.com\/pt-pt\/privacy-policy\/informacoes-sobre-o-tratamento-de-dados-pessoais\/\" \/>\n<meta property=\"og:locale\" content=\"pt_PT\" \/>\n<meta property=\"og:type\" content=\"article\" \/>\n<meta property=\"og:title\" content=\"Informa\u00e7\u00f5es sobre o tratamento de dados pessoais - Meliconi\" \/>\n<meta property=\"og:description\" content=\"Nesta p\u00e1gina descrevem-se as modalidades de gest\u00e3o do site relativamente ao tratamento dos dados pessoais dos utilizadores que o consultam. Trata-se da informa\u00e7\u00e3o prestada, nos termos do art. 13 do Regulamento (UE) 2016\/679, a quem interage com os servi\u00e7os web da empresa. Esta informa\u00e7\u00e3o \u00e9 fornecida apenas para o presente site e n\u00e3o para outros [&hellip;]\" \/>\n<meta property=\"og:url\" content=\"https:\/\/www.meliconi.com\/pt-pt\/privacy-policy\/informacoes-sobre-o-tratamento-de-dados-pessoais\/\" \/>\n<meta property=\"og:site_name\" content=\"Meliconi\" \/>\n<meta property=\"article:modified_time\" content=\"2025-11-20T13:44:01+00:00\" \/>\n<meta name=\"twitter:card\" content=\"summary_large_image\" \/>\n<meta name=\"twitter:label1\" content=\"Tempo estimado de leitura\" \/>\n\t<meta name=\"twitter:data1\" content=\"4 minutos\" \/>\n<script type=\"application\/ld+json\" class=\"yoast-schema-graph\">{\"@context\":\"https:\\\/\\\/schema.org\",\"@graph\":[{\"@type\":\"WebPage\",\"@id\":\"https:\\\/\\\/www.meliconi.com\\\/pt-pt\\\/privacy-policy\\\/informacoes-sobre-o-tratamento-de-dados-pessoais\\\/\",\"url\":\"https:\\\/\\\/www.meliconi.com\\\/pt-pt\\\/privacy-policy\\\/informacoes-sobre-o-tratamento-de-dados-pessoais\\\/\",\"name\":\"Informa\u00e7\u00f5es sobre o tratamento de dados pessoais - Meliconi\",\"isPartOf\":{\"@id\":\"https:\\\/\\\/www.meliconi.com\\\/pt-pt\\\/#website\"},\"datePublished\":\"2025-11-12T10:50:18+00:00\",\"dateModified\":\"2025-11-20T13:44:01+00:00\",\"breadcrumb\":{\"@id\":\"https:\\\/\\\/www.meliconi.com\\\/pt-pt\\\/privacy-policy\\\/informacoes-sobre-o-tratamento-de-dados-pessoais\\\/#breadcrumb\"},\"inLanguage\":\"pt-PT\",\"potentialAction\":[{\"@type\":\"ReadAction\",\"target\":[\"https:\\\/\\\/www.meliconi.com\\\/pt-pt\\\/privacy-policy\\\/informacoes-sobre-o-tratamento-de-dados-pessoais\\\/\"]}]},{\"@type\":\"BreadcrumbList\",\"@id\":\"https:\\\/\\\/www.meliconi.com\\\/pt-pt\\\/privacy-policy\\\/informacoes-sobre-o-tratamento-de-dados-pessoais\\\/#breadcrumb\",\"itemListElement\":[{\"@type\":\"ListItem\",\"position\":1,\"name\":\"Home\",\"item\":\"https:\\\/\\\/www.meliconi.com\\\/pt-pt\\\/\"},{\"@type\":\"ListItem\",\"position\":2,\"name\":\"Centro de Privacidade Meliconi\",\"item\":\"https:\\\/\\\/www.meliconi.com\\\/pt-pt\\\/privacy-policy\\\/\"},{\"@type\":\"ListItem\",\"position\":3,\"name\":\"Informa\u00e7\u00f5es sobre o tratamento de dados pessoais\"}]},{\"@type\":\"WebSite\",\"@id\":\"https:\\\/\\\/www.meliconi.com\\\/pt-pt\\\/#website\",\"url\":\"https:\\\/\\\/www.meliconi.com\\\/pt-pt\\\/\",\"name\":\"Meliconi\",\"description\":\"Lo specialista dell&#039;accessorio\",\"publisher\":{\"@id\":\"https:\\\/\\\/www.meliconi.com\\\/pt-pt\\\/#organization\"},\"potentialAction\":[{\"@type\":\"SearchAction\",\"target\":{\"@type\":\"EntryPoint\",\"urlTemplate\":\"https:\\\/\\\/www.meliconi.com\\\/pt-pt\\\/?s={search_term_string}\"},\"query-input\":{\"@type\":\"PropertyValueSpecification\",\"valueRequired\":true,\"valueName\":\"search_term_string\"}}],\"inLanguage\":\"pt-PT\"},{\"@type\":\"Organization\",\"@id\":\"https:\\\/\\\/www.meliconi.com\\\/pt-pt\\\/#organization\",\"name\":\"Meliconi\",\"url\":\"https:\\\/\\\/www.meliconi.com\\\/pt-pt\\\/\",\"logo\":{\"@type\":\"ImageObject\",\"inLanguage\":\"pt-PT\",\"@id\":\"https:\\\/\\\/www.meliconi.com\\\/pt-pt\\\/#\\\/schema\\\/logo\\\/image\\\/\",\"url\":\"https:\\\/\\\/www.meliconi.com\\\/wp-content\\\/uploads\\\/2021\\\/06\\\/logo-meliconi.png\",\"contentUrl\":\"https:\\\/\\\/www.meliconi.com\\\/wp-content\\\/uploads\\\/2021\\\/06\\\/logo-meliconi.png\",\"width\":338,\"height\":102,\"caption\":\"Meliconi\"},\"image\":{\"@id\":\"https:\\\/\\\/www.meliconi.com\\\/pt-pt\\\/#\\\/schema\\\/logo\\\/image\\\/\"}}]}<\/script>\n<!-- \/ Yoast SEO plugin. -->","yoast_head_json":{"title":"Informa\u00e7\u00f5es sobre o tratamento de dados pessoais - Meliconi","robots":{"index":"index","follow":"follow","max-snippet":"max-snippet:-1","max-image-preview":"max-image-preview:large","max-video-preview":"max-video-preview:-1"},"canonical":"https:\/\/www.meliconi.com\/pt-pt\/privacy-policy\/informacoes-sobre-o-tratamento-de-dados-pessoais\/","og_locale":"pt_PT","og_type":"article","og_title":"Informa\u00e7\u00f5es sobre o tratamento de dados pessoais - Meliconi","og_description":"Nesta p\u00e1gina descrevem-se as modalidades de gest\u00e3o do site relativamente ao tratamento dos dados pessoais dos utilizadores que o consultam. Trata-se da informa\u00e7\u00e3o prestada, nos termos do art. 13 do Regulamento (UE) 2016\/679, a quem interage com os servi\u00e7os web da empresa. Esta informa\u00e7\u00e3o \u00e9 fornecida apenas para o presente site e n\u00e3o para outros [&hellip;]","og_url":"https:\/\/www.meliconi.com\/pt-pt\/privacy-policy\/informacoes-sobre-o-tratamento-de-dados-pessoais\/","og_site_name":"Meliconi","article_modified_time":"2025-11-20T13:44:01+00:00","twitter_card":"summary_large_image","twitter_misc":{"Tempo estimado de leitura":"4 minutos"},"schema":{"@context":"https:\/\/schema.org","@graph":[{"@type":"WebPage","@id":"https:\/\/www.meliconi.com\/pt-pt\/privacy-policy\/informacoes-sobre-o-tratamento-de-dados-pessoais\/","url":"https:\/\/www.meliconi.com\/pt-pt\/privacy-policy\/informacoes-sobre-o-tratamento-de-dados-pessoais\/","name":"Informa\u00e7\u00f5es sobre o tratamento de dados pessoais - Meliconi","isPartOf":{"@id":"https:\/\/www.meliconi.com\/pt-pt\/#website"},"datePublished":"2025-11-12T10:50:18+00:00","dateModified":"2025-11-20T13:44:01+00:00","breadcrumb":{"@id":"https:\/\/www.meliconi.com\/pt-pt\/privacy-policy\/informacoes-sobre-o-tratamento-de-dados-pessoais\/#breadcrumb"},"inLanguage":"pt-PT","potentialAction":[{"@type":"ReadAction","target":["https:\/\/www.meliconi.com\/pt-pt\/privacy-policy\/informacoes-sobre-o-tratamento-de-dados-pessoais\/"]}]},{"@type":"BreadcrumbList","@id":"https:\/\/www.meliconi.com\/pt-pt\/privacy-policy\/informacoes-sobre-o-tratamento-de-dados-pessoais\/#breadcrumb","itemListElement":[{"@type":"ListItem","position":1,"name":"Home","item":"https:\/\/www.meliconi.com\/pt-pt\/"},{"@type":"ListItem","position":2,"name":"Centro de Privacidade Meliconi","item":"https:\/\/www.meliconi.com\/pt-pt\/privacy-policy\/"},{"@type":"ListItem","position":3,"name":"Informa\u00e7\u00f5es sobre o tratamento de dados pessoais"}]},{"@type":"WebSite","@id":"https:\/\/www.meliconi.com\/pt-pt\/#website","url":"https:\/\/www.meliconi.com\/pt-pt\/","name":"Meliconi","description":"Lo specialista dell&#039;accessorio","publisher":{"@id":"https:\/\/www.meliconi.com\/pt-pt\/#organization"},"potentialAction":[{"@type":"SearchAction","target":{"@type":"EntryPoint","urlTemplate":"https:\/\/www.meliconi.com\/pt-pt\/?s={search_term_string}"},"query-input":{"@type":"PropertyValueSpecification","valueRequired":true,"valueName":"search_term_string"}}],"inLanguage":"pt-PT"},{"@type":"Organization","@id":"https:\/\/www.meliconi.com\/pt-pt\/#organization","name":"Meliconi","url":"https:\/\/www.meliconi.com\/pt-pt\/","logo":{"@type":"ImageObject","inLanguage":"pt-PT","@id":"https:\/\/www.meliconi.com\/pt-pt\/#\/schema\/logo\/image\/","url":"https:\/\/www.meliconi.com\/wp-content\/uploads\/2021\/06\/logo-meliconi.png","contentUrl":"https:\/\/www.meliconi.com\/wp-content\/uploads\/2021\/06\/logo-meliconi.png","width":338,"height":102,"caption":"Meliconi"},"image":{"@id":"https:\/\/www.meliconi.com\/pt-pt\/#\/schema\/logo\/image\/"}}]}},"_links":{"self":[{"href":"https:\/\/www.meliconi.com\/pt-pt\/wp-json\/wp\/v2\/pages\/68598","targetHints":{"allow":["GET"]}}],"collection":[{"href":"https:\/\/www.meliconi.com\/pt-pt\/wp-json\/wp\/v2\/pages"}],"about":[{"href":"https:\/\/www.meliconi.com\/pt-pt\/wp-json\/wp\/v2\/types\/page"}],"author":[{"embeddable":true,"href":"https:\/\/www.meliconi.com\/pt-pt\/wp-json\/wp\/v2\/users\/6"}],"replies":[{"embeddable":true,"href":"https:\/\/www.meliconi.com\/pt-pt\/wp-json\/wp\/v2\/comments?post=68598"}],"version-history":[{"count":4,"href":"https:\/\/www.meliconi.com\/pt-pt\/wp-json\/wp\/v2\/pages\/68598\/revisions"}],"predecessor-version":[{"id":68907,"href":"https:\/\/www.meliconi.com\/pt-pt\/wp-json\/wp\/v2\/pages\/68598\/revisions\/68907"}],"up":[{"embeddable":true,"href":"https:\/\/www.meliconi.com\/pt-pt\/wp-json\/wp\/v2\/pages\/66147"}],"wp:attachment":[{"href":"https:\/\/www.meliconi.com\/pt-pt\/wp-json\/wp\/v2\/media?parent=68598"}],"curies":[{"name":"wp","href":"https:\/\/api.w.org\/{rel}","templated":true}]}}