{"id":59949,"date":"2021-07-09T09:25:27","date_gmt":"2021-07-09T09:25:27","guid":{"rendered":"https:\/\/www.meliconi.com\/informativa-trattamento\/"},"modified":"2024-10-08T10:46:51","modified_gmt":"2024-10-08T08:46:51","slug":"hinweise-zur-verarbeitung-personenbezogener-daten","status":"publish","type":"page","link":"https:\/\/www.meliconi.com\/de\/datenschutzerklaerung\/hinweise-zur-verarbeitung-personenbezogener-daten\/","title":{"rendered":"Hinweise zur Verarbeitung personenbezogener Daten"},"content":{"rendered":"\n<p>In questa pagina si descrivono le modalit\u00e0 di gestione del sito in riferimento al trattamento dei dati personali degli utenti che lo consultano.<\/p>\n\n\n\n<p>Si tratta dell\u2019informativa resa ai sensi dell&#8217;art. 13 del&nbsp;<a href=\"http:\/\/bach.drt.garanteprivacy.it\/garante\/doc.jsp?ID=722132#art_13\">Regolamento Europeo 2016\/679<\/a>&nbsp;a coloro che interagiscono con i servizi web dell\u2019azienda.<\/p>\n\n\n\n<p>L\u2019informativa \u00e8 resa solo per il presente sito e non anche per altri siti web eventualmente consultati dall\u2019utente tramite link.<\/p>\n\n\n\n<p>L\u2019informativa individua alcuni requisiti minimi per la raccolta di dati personali on-line, e, in particolare, le modalit\u00e0, i tempi e la natura delle informazioni che i titolari del trattamento devono fornire agli utenti quando questi si collegano a pagine web, indipendentemente dagli scopi del collegamento.<\/p>\n\n\n\n<h2 class=\"wp-block-heading\">IL &#8222;TITOLARE&#8220; DEL TRATTAMENTO<\/h2>\n\n\n\n<p>A seguito della consultazione di questo sito possono essere trattati dati relativi a persone identificate o identificabili.<\/p>\n\n\n\n<p>Il \u201ctitolare\u201d del loro trattamento \u00e8 Meliconi S.p.A., nella persona del legale rappresentante pro tempore.<\/p>\n\n\n\n<h2 class=\"wp-block-heading\">LUOGO DI TRATTAMENTO DEI DATI<\/h2>\n\n\n\n<p>I trattamenti connessi ai servizi web di questo sito hanno luogo presso la sede sociale e sono curati solo da personale tecnico dell\u2019Ufficio incaricato del trattamento, oppure da eventuali incaricati di occasionali operazioni di manutenzione.<\/p>\n\n\n\n<p>Nessun dato derivante dal servizio web viene comunicato o diffuso.<\/p>\n\n\n\n<p>I dati personali forniti dagli utenti che inoltrano richieste di invio di materiale informativo (bollettini, Cd-rom, cataloghi, listini, risposte a quesiti, atti vari, ecc.) sono utilizzati al solo fine di eseguire il servizio o la prestazione richiesta.<\/p>\n\n\n\n<h2 class=\"wp-block-heading\">TIPI DI DATI TRATTATI<\/h2>\n\n\n\n<h3 class=\"wp-block-heading\">Dati di navigazione<\/h3>\n\n\n\n<p>I sistemi informatici e le procedure software preposte al funzionamento di questo sito web acquisiscono, nel corso del loro normale esercizio, alcuni dati personali la cui trasmissione \u00e8 implicita nell\u2019uso dei protocolli di comunicazione di Internet.<\/p>\n\n\n\n<p>Si tratta di informazioni che non sono raccolte per essere associate a interessati identificati, ma che per loro stessa natura potrebbero, attraverso elaborazioni ed associazioni con dati detenuti da terzi, permettere di identificare gli utenti.<\/p>\n\n\n\n<p>In questa categoria di dati rientrano gli indirizzi IP o i nomi a dominio dei computer utilizzati dagli utenti che si connettono al sito, gli indirizzi in notazione URI (Uniform Resource Identifier) delle risorse richieste, l\u2019orario della richiesta, il metodo utilizzato nel sottoporre la richiesta al server, la dimensione del file ottenuto in risposta, il codice numerico indicante lo stato della risposta data dal server (buon fine, errore, ecc.) ed altri parametri relativi al sistema operativo e all\u2019ambiente informatico dell\u2019utente.<\/p>\n\n\n\n<p>Questi dati vengono utilizzati al solo fine di ricavare informazioni statistiche anonime sull\u2019uso del sito e per controllarne il corretto funzionamento e vengono cancellati immediatamente dopo l\u2019elaborazione. I dati potrebbero essere&nbsp;utilizzati per l\u2019accertamento di responsabilit\u00e0 in caso di ipotetici reati informatici ai danni del sito: salva questa eventualit\u00e0, allo stato i dati sui contatti web&nbsp;non persistono per pi\u00f9 di sette giorni.<\/p>\n\n\n\n<h3 class=\"wp-block-heading\">Dati forniti volontariamente dall\u2019utente<\/h3>\n\n\n\n<p>L\u2019invio facoltativo, esplicito e volontario di posta elettronica agli indirizzi indicati su questo sito comporta la successiva acquisizione dell\u2019indirizzo del mittente, necessario per rispondere alle richieste, nonch\u00e9 degli eventuali altri dati personali inseriti nella missiva.<\/p>\n\n\n\n<p>Specifiche informative di sintesi verranno progressivamente riportate o visualizzate nelle pagine del sito predisposte per particolari servizi a richiesta.<\/p>\n\n\n\n<h2 class=\"wp-block-heading\">UTILIZZO DEI COOKIES<\/h2>\n\n\n\n<p>In merito alle modalit\u00e0 di utilizzo dei cookies, si rinvia all\u2019ulteriore ed apposita \u201cinformativa estesa\u201d pubblicata sul presente sito ed elaborata in base a quanto previsto dal Provvedimento dell\u20198 maggio 2014 emanato dal Garante italiano per la protezione dei dati personali, la quale integra e completa il presente documento.<\/p>\n\n\n\n<h2 class=\"wp-block-heading\">FACOLTATIVIT\u00c0 DEL CONFERIMENTO DEI DATI<\/h2>\n\n\n\n<p>A parte quanto specificato per i dati di navigazione, l\u2019utente \u00e8 libero o meno di fornire i dati personali.<\/p>\n\n\n\n<p>Il loro mancato conferimento pu\u00f2 comportare l\u2019impossibilit\u00e0 di ottenere quanto richiesto.<\/p>\n\n\n\n<h2 class=\"wp-block-heading\">MODALIT\u00c0 DEL TRATTAMENTO<\/h2>\n\n\n\n<p>I dati personali sono trattati con strumenti automatizzati per il tempo strettamente necessario a conseguire gli scopi per cui sono stati raccolti.<\/p>\n\n\n\n<p>Specifiche misure di sicurezza sono osservate per prevenire la perdita dei dati, usi illeciti o non corretti ed accessi non autorizzati.<\/p>\n\n\n\n<h2 class=\"wp-block-heading\">TRASFERIMENTI PRESSO PAESI TERZI<\/h2>\n\n\n\n<p>Eventuali trasferimenti di dati personali a un paese terzo al di fuori dell\u2019Unione Europea o ad un&#8217;organizzazione internazionale avverranno sulla base di una decisione di adeguatezza della Commissione o, nel caso dei trasferimenti di cui agli articoli 46, 47 o 49, secondo comma, del Regolamento Europeo, sulla base di garanzie appropriate ed opportune.<\/p>\n\n\n\n<h2 class=\"wp-block-heading\">DIRITTI DEGLI INTERESSATI<\/h2>\n\n\n\n<p>I soggetti cui si riferiscono i dati personali hanno in qualunque momento il diritto di chiedere l\u2019accesso ai dati e la loro rettifica, la cancellazione degli stessi, la limitazione del trattamento, il diritto di opporsi al loro trattamento, oltre al diritto alla portabilit\u00e0 dei dati; hanno inoltre il diritto di proporre reclamo all\u2019Autorit\u00e0 di controllo.<\/p>\n\n\n\n<p>Le richieste vanno rivolte al&nbsp;Titolare del trattamento od al&nbsp;<strong>Responsabile della protezione dei dati, individuato nella persona del dott. Juri Torreggiani, con studio sito in Reggio Emilia, Via Piccard n. 16\/G, tel. 0522\/30.11.69, fax 0522\/38.79.96<\/strong>.<\/p>\n\n\n\n<p>La presente costituisce la \u201cPrivacy Policy\u201d di questo sito che sar\u00e0 soggetta ad aggiornamenti.<\/p>\n","protected":false},"excerpt":{"rendered":"<p>In questa pagina si descrivono le modalit\u00e0 di gestione del sito in riferimento al trattamento dei dati personali degli utenti che lo consultano. Si tratta dell\u2019informativa resa ai sensi dell&#8217;art. 13 del&nbsp;Regolamento Europeo 2016\/679&nbsp;a coloro che interagiscono con i servizi web dell\u2019azienda. L\u2019informativa \u00e8 resa solo per il presente sito e non anche per altri [&hellip;]<\/p>\n","protected":false},"author":1,"featured_media":0,"parent":59782,"menu_order":0,"comment_status":"closed","ping_status":"closed","template":"","meta":{"_acf_changed":false,"footnotes":""},"class_list":["post-59949","page","type-page","status-publish","hentry"],"acf":[],"yoast_head":"<!-- This site is optimized with the Yoast SEO plugin v27.4 - https:\/\/yoast.com\/product\/yoast-seo-wordpress\/ -->\n<title>Hinweise zur Verarbeitung personenbezogener Daten - Meliconi<\/title>\n<meta name=\"robots\" content=\"index, follow, max-snippet:-1, max-image-preview:large, max-video-preview:-1\" \/>\n<link rel=\"canonical\" href=\"https:\/\/www.meliconi.com\/de\/datenschutzerklaerung\/hinweise-zur-verarbeitung-personenbezogener-daten\/\" \/>\n<meta property=\"og:locale\" content=\"de_DE\" \/>\n<meta property=\"og:type\" content=\"article\" \/>\n<meta property=\"og:title\" content=\"Hinweise zur Verarbeitung personenbezogener Daten - Meliconi\" \/>\n<meta property=\"og:description\" content=\"In questa pagina si descrivono le modalit\u00e0 di gestione del sito in riferimento al trattamento dei dati personali degli utenti che lo consultano. Si tratta dell\u2019informativa resa ai sensi dell&#8217;art. 13 del&nbsp;Regolamento Europeo 2016\/679&nbsp;a coloro che interagiscono con i servizi web dell\u2019azienda. L\u2019informativa \u00e8 resa solo per il presente sito e non anche per altri [&hellip;]\" \/>\n<meta property=\"og:url\" content=\"https:\/\/www.meliconi.com\/de\/datenschutzerklaerung\/hinweise-zur-verarbeitung-personenbezogener-daten\/\" \/>\n<meta property=\"og:site_name\" content=\"Meliconi\" \/>\n<meta property=\"article:modified_time\" content=\"2024-10-08T08:46:51+00:00\" \/>\n<meta name=\"twitter:card\" content=\"summary_large_image\" \/>\n<meta name=\"twitter:label1\" content=\"Gesch\u00e4tzte Lesezeit\" \/>\n\t<meta name=\"twitter:data1\" content=\"4\u00a0Minuten\" \/>\n<script type=\"application\/ld+json\" class=\"yoast-schema-graph\">{\"@context\":\"https:\\\/\\\/schema.org\",\"@graph\":[{\"@type\":\"WebPage\",\"@id\":\"https:\\\/\\\/www.meliconi.com\\\/de\\\/datenschutzerklaerung\\\/hinweise-zur-verarbeitung-personenbezogener-daten\\\/\",\"url\":\"https:\\\/\\\/www.meliconi.com\\\/de\\\/datenschutzerklaerung\\\/hinweise-zur-verarbeitung-personenbezogener-daten\\\/\",\"name\":\"Hinweise zur Verarbeitung personenbezogener Daten - Meliconi\",\"isPartOf\":{\"@id\":\"https:\\\/\\\/www.meliconi.com\\\/de\\\/#website\"},\"datePublished\":\"2021-07-09T09:25:27+00:00\",\"dateModified\":\"2024-10-08T08:46:51+00:00\",\"breadcrumb\":{\"@id\":\"https:\\\/\\\/www.meliconi.com\\\/de\\\/datenschutzerklaerung\\\/hinweise-zur-verarbeitung-personenbezogener-daten\\\/#breadcrumb\"},\"inLanguage\":\"de\",\"potentialAction\":[{\"@type\":\"ReadAction\",\"target\":[\"https:\\\/\\\/www.meliconi.com\\\/de\\\/datenschutzerklaerung\\\/hinweise-zur-verarbeitung-personenbezogener-daten\\\/\"]}]},{\"@type\":\"BreadcrumbList\",\"@id\":\"https:\\\/\\\/www.meliconi.com\\\/de\\\/datenschutzerklaerung\\\/hinweise-zur-verarbeitung-personenbezogener-daten\\\/#breadcrumb\",\"itemListElement\":[{\"@type\":\"ListItem\",\"position\":1,\"name\":\"Home\",\"item\":\"https:\\\/\\\/www.meliconi.com\\\/de\\\/\"},{\"@type\":\"ListItem\",\"position\":2,\"name\":\"Datenschutzerkl\u00e4rung\",\"item\":\"https:\\\/\\\/www.meliconi.com\\\/de\\\/datenschutzerklaerung\\\/\"},{\"@type\":\"ListItem\",\"position\":3,\"name\":\"Hinweise zur Verarbeitung personenbezogener Daten\"}]},{\"@type\":\"WebSite\",\"@id\":\"https:\\\/\\\/www.meliconi.com\\\/de\\\/#website\",\"url\":\"https:\\\/\\\/www.meliconi.com\\\/de\\\/\",\"name\":\"Meliconi\",\"description\":\"Lo specialista dell&#039;accessorio\",\"publisher\":{\"@id\":\"https:\\\/\\\/www.meliconi.com\\\/de\\\/#organization\"},\"potentialAction\":[{\"@type\":\"SearchAction\",\"target\":{\"@type\":\"EntryPoint\",\"urlTemplate\":\"https:\\\/\\\/www.meliconi.com\\\/de\\\/?s={search_term_string}\"},\"query-input\":{\"@type\":\"PropertyValueSpecification\",\"valueRequired\":true,\"valueName\":\"search_term_string\"}}],\"inLanguage\":\"de\"},{\"@type\":\"Organization\",\"@id\":\"https:\\\/\\\/www.meliconi.com\\\/de\\\/#organization\",\"name\":\"Meliconi\",\"url\":\"https:\\\/\\\/www.meliconi.com\\\/de\\\/\",\"logo\":{\"@type\":\"ImageObject\",\"inLanguage\":\"de\",\"@id\":\"https:\\\/\\\/www.meliconi.com\\\/de\\\/#\\\/schema\\\/logo\\\/image\\\/\",\"url\":\"https:\\\/\\\/www.meliconi.com\\\/wp-content\\\/uploads\\\/2021\\\/06\\\/logo-meliconi.png\",\"contentUrl\":\"https:\\\/\\\/www.meliconi.com\\\/wp-content\\\/uploads\\\/2021\\\/06\\\/logo-meliconi.png\",\"width\":338,\"height\":102,\"caption\":\"Meliconi\"},\"image\":{\"@id\":\"https:\\\/\\\/www.meliconi.com\\\/de\\\/#\\\/schema\\\/logo\\\/image\\\/\"}}]}<\/script>\n<!-- \/ Yoast SEO plugin. -->","yoast_head_json":{"title":"Hinweise zur Verarbeitung personenbezogener Daten - Meliconi","robots":{"index":"index","follow":"follow","max-snippet":"max-snippet:-1","max-image-preview":"max-image-preview:large","max-video-preview":"max-video-preview:-1"},"canonical":"https:\/\/www.meliconi.com\/de\/datenschutzerklaerung\/hinweise-zur-verarbeitung-personenbezogener-daten\/","og_locale":"de_DE","og_type":"article","og_title":"Hinweise zur Verarbeitung personenbezogener Daten - Meliconi","og_description":"In questa pagina si descrivono le modalit\u00e0 di gestione del sito in riferimento al trattamento dei dati personali degli utenti che lo consultano. Si tratta dell\u2019informativa resa ai sensi dell&#8217;art. 13 del&nbsp;Regolamento Europeo 2016\/679&nbsp;a coloro che interagiscono con i servizi web dell\u2019azienda. L\u2019informativa \u00e8 resa solo per il presente sito e non anche per altri [&hellip;]","og_url":"https:\/\/www.meliconi.com\/de\/datenschutzerklaerung\/hinweise-zur-verarbeitung-personenbezogener-daten\/","og_site_name":"Meliconi","article_modified_time":"2024-10-08T08:46:51+00:00","twitter_card":"summary_large_image","twitter_misc":{"Gesch\u00e4tzte Lesezeit":"4\u00a0Minuten"},"schema":{"@context":"https:\/\/schema.org","@graph":[{"@type":"WebPage","@id":"https:\/\/www.meliconi.com\/de\/datenschutzerklaerung\/hinweise-zur-verarbeitung-personenbezogener-daten\/","url":"https:\/\/www.meliconi.com\/de\/datenschutzerklaerung\/hinweise-zur-verarbeitung-personenbezogener-daten\/","name":"Hinweise zur Verarbeitung personenbezogener Daten - Meliconi","isPartOf":{"@id":"https:\/\/www.meliconi.com\/de\/#website"},"datePublished":"2021-07-09T09:25:27+00:00","dateModified":"2024-10-08T08:46:51+00:00","breadcrumb":{"@id":"https:\/\/www.meliconi.com\/de\/datenschutzerklaerung\/hinweise-zur-verarbeitung-personenbezogener-daten\/#breadcrumb"},"inLanguage":"de","potentialAction":[{"@type":"ReadAction","target":["https:\/\/www.meliconi.com\/de\/datenschutzerklaerung\/hinweise-zur-verarbeitung-personenbezogener-daten\/"]}]},{"@type":"BreadcrumbList","@id":"https:\/\/www.meliconi.com\/de\/datenschutzerklaerung\/hinweise-zur-verarbeitung-personenbezogener-daten\/#breadcrumb","itemListElement":[{"@type":"ListItem","position":1,"name":"Home","item":"https:\/\/www.meliconi.com\/de\/"},{"@type":"ListItem","position":2,"name":"Datenschutzerkl\u00e4rung","item":"https:\/\/www.meliconi.com\/de\/datenschutzerklaerung\/"},{"@type":"ListItem","position":3,"name":"Hinweise zur Verarbeitung personenbezogener Daten"}]},{"@type":"WebSite","@id":"https:\/\/www.meliconi.com\/de\/#website","url":"https:\/\/www.meliconi.com\/de\/","name":"Meliconi","description":"Lo specialista dell&#039;accessorio","publisher":{"@id":"https:\/\/www.meliconi.com\/de\/#organization"},"potentialAction":[{"@type":"SearchAction","target":{"@type":"EntryPoint","urlTemplate":"https:\/\/www.meliconi.com\/de\/?s={search_term_string}"},"query-input":{"@type":"PropertyValueSpecification","valueRequired":true,"valueName":"search_term_string"}}],"inLanguage":"de"},{"@type":"Organization","@id":"https:\/\/www.meliconi.com\/de\/#organization","name":"Meliconi","url":"https:\/\/www.meliconi.com\/de\/","logo":{"@type":"ImageObject","inLanguage":"de","@id":"https:\/\/www.meliconi.com\/de\/#\/schema\/logo\/image\/","url":"https:\/\/www.meliconi.com\/wp-content\/uploads\/2021\/06\/logo-meliconi.png","contentUrl":"https:\/\/www.meliconi.com\/wp-content\/uploads\/2021\/06\/logo-meliconi.png","width":338,"height":102,"caption":"Meliconi"},"image":{"@id":"https:\/\/www.meliconi.com\/de\/#\/schema\/logo\/image\/"}}]}},"_links":{"self":[{"href":"https:\/\/www.meliconi.com\/de\/wp-json\/wp\/v2\/pages\/59949","targetHints":{"allow":["GET"]}}],"collection":[{"href":"https:\/\/www.meliconi.com\/de\/wp-json\/wp\/v2\/pages"}],"about":[{"href":"https:\/\/www.meliconi.com\/de\/wp-json\/wp\/v2\/types\/page"}],"author":[{"embeddable":true,"href":"https:\/\/www.meliconi.com\/de\/wp-json\/wp\/v2\/users\/1"}],"replies":[{"embeddable":true,"href":"https:\/\/www.meliconi.com\/de\/wp-json\/wp\/v2\/comments?post=59949"}],"version-history":[{"count":1,"href":"https:\/\/www.meliconi.com\/de\/wp-json\/wp\/v2\/pages\/59949\/revisions"}],"predecessor-version":[{"id":59950,"href":"https:\/\/www.meliconi.com\/de\/wp-json\/wp\/v2\/pages\/59949\/revisions\/59950"}],"up":[{"embeddable":true,"href":"https:\/\/www.meliconi.com\/de\/wp-json\/wp\/v2\/pages\/59782"}],"wp:attachment":[{"href":"https:\/\/www.meliconi.com\/de\/wp-json\/wp\/v2\/media?parent=59949"}],"curies":[{"name":"wp","href":"https:\/\/api.w.org\/{rel}","templated":true}]}}